{"id":67,"date":"2020-08-04T02:19:06","date_gmt":"2020-08-04T02:19:06","guid":{"rendered":"https:\/\/shtheme.org\/demosd\/mecare\/?page_id=67"},"modified":"2025-11-27T17:32:10","modified_gmt":"2025-11-27T16:32:10","slug":"sobre-mi","status":"publish","type":"page","link":"https:\/\/psicologia-pellicer.es\/en\/sobre-mi\/","title":{"rendered":"About me"},"content":{"rendered":"<div data-elementor-type=\"wp-post\" data-elementor-id=\"67\" class=\"elementor elementor-67\" data-elementor-post-type=\"page\">\n\t\t\t\t\t\t<section class=\"elementor-section elementor-top-section elementor-element elementor-element-37eb07b elementor-section-boxed elementor-section-height-default elementor-section-height-default\" data-id=\"37eb07b\" data-element_type=\"section\" data-e-type=\"section\" data-settings=\"{&quot;background_background&quot;:&quot;classic&quot;}\">\n\t\t\t\t\t\t\t<div class=\"elementor-background-overlay\"><\/div>\n\t\t\t\t\t\t\t<div class=\"elementor-container elementor-column-gap-default\">\n\t\t\t\t\t<div class=\"elementor-column elementor-col-100 elementor-top-column elementor-element elementor-element-1cd4e343\" data-id=\"1cd4e343\" data-element_type=\"column\" data-e-type=\"column\">\n\t\t\t<div class=\"elementor-widget-wrap elementor-element-populated\">\n\t\t\t\t\t\t\t<\/div>\n\t\t<\/div>\n\t\t\t\t\t<\/div>\n\t\t<\/section>\n\t\t<div class=\"elementor-element elementor-element-8e677df e-con-full e-flex e-con e-parent\" data-id=\"8e677df\" data-element_type=\"container\" data-e-type=\"container\">\n\t\t\t\t<div class=\"elementor-element elementor-element-fd6359c animated-slow elementor-align-left elementor-invisible elementor-widget elementor-widget-bdevs-about\" data-id=\"fd6359c\" data-element_type=\"widget\" data-e-type=\"widget\" data-settings=\"{&quot;_animation&quot;:&quot;fadeIn&quot;}\" data-widget_type=\"bdevs-about.default\">\n\t\t\t\t<div class=\"elementor-widget-container\">\n\t\t\t\t\t\t\t<!-- about-area -->\n        <section id=\"about\" class=\"about-area about-p pt-65 pb-80 p-relative\" style=\"background-image:url(); background-size: contain; background-repeat: no-repeat;background-position: center center;\">\n            <div class=\"container\">\n                <div class=\"row align-items-center\">\t\t\t\t\t\n                  <div class=\"col-lg-6 col-md-12 col-sm-12\">\n                        <div class=\"s-about-img p-relative\">\n                            <img decoding=\"async\" src=\"https:\/\/psicologia-pellicer.es\/wp-content\/uploads\/2025\/07\/Sobre-mi-scaled.jpg\" alt=\"img\">\n                        <\/div>\n                    <\/div>\n                    <div class=\"col-lg-6 col-md-12 col-sm-12\">\n                        <div class=\"about-content s-about-content pl-30\">\n                            <div class=\"section-title mb-20\">\n                            \t                                                             \n                            <\/div>\n                                                        <p>I hold a degree in Psychology (Clinical branch) and a Master\u2019s in Health Psychology. Registered Psychologist CV 10.898, accredited by the Spanish Ministry of Health as a <i>Clinical General Psychologist.<\/i>\n<br>\n<br>\nI work with adults and adolescents. \n<br>\n<br>\nMy approach is humanistic and integrative, attending to the whole person (body\u2011mind). I use Cognitive Behavioral Therapy and EMDR, specializing in trauma, somatic work, and neuroplasticity.\n<br>\n<br>\nTherapy with me is a <strong>safe space<\/strong>, where we work together as a team toward the same goal\u2014cultivating a secure environment for being yourself. As I like to say in our first session, I work from the basic premises of full confidentiality and non\u2011judgment: here there are no good or bad, guilty or innocent\u2026 the criterion is what is healthy and what isn\u2019t. I offer absolute respect for your story and experience. \n<br>\n<br>\nI\u2019m Spanish but have lived many years in the Netherlands working in international settings. I can therefore offer therapy in <i>Spanish, English, and Dutch.<\/i>\n<br>\n<br>\nTherapy works, and I feel this is my life purpose. It is my privilege to accompany you. Here your journey toward emotional wellbeing begins.<\/p>\n                                                        \n                            <ul>\n                            \t                                <li>\n                                    <div class=\"icon\"><i class=\"fas fa-chevron-right\"><\/i><\/div> \n                                    <div class=\"text\">I work with adults and adolescents.                                     <\/div>\n                                <\/li>\n                                                            <\/ul>\n                           \t                           \t<div class=\"slider-btn mt-30\">                                          \n                                <a href=\"\" class=\"btn ss-btn\" data-animation=\"fadeInRight\" data-delay=\".8s\">\n                                \t \n                                \t<i class=\"fas fa-chevron-right\"><\/i>\n                                <\/a>\t\t\t\t\t\n                            <\/div>\n                        \t                        <\/div>\n                    <\/div>\n                    \n                <\/div>\n            <\/div>\n        <\/section>\n        <!-- about-area-end -->\n\t\t\t\t\t<\/div>\n\t\t\t\t<\/div>\n\t\t\t\t<\/div>\n\t\t<div class=\"elementor-element elementor-element-ccb1a33 e-flex e-con-boxed e-con e-parent\" data-id=\"ccb1a33\" data-element_type=\"container\" data-e-type=\"container\">\n\t\t\t\t\t<div class=\"e-con-inner\">\n\t\t\t\t<div class=\"elementor-element elementor-element-2c696cb elementor-align-center elementor-widget elementor-widget-bdevs-cta\" data-id=\"2c696cb\" data-element_type=\"widget\" data-e-type=\"widget\" data-widget_type=\"bdevs-cta.default\">\n\t\t\t\t<div class=\"elementor-widget-container\">\n\t\t\t\t\t\t\t<!-- counter-area -->\n        <div class=\"call-area pb-50\" style=\"background-image:url(); background-repeat: no-repeat; background-position: bottom;\">\n            <div class=\"container\">\n                <div class=\"row align-items-center\">\n                     <div class=\"col-lg-5 col-md-12 col-sm-12\">\n                        <div class=\"single-counter-img fadeInUp animated\" >\n\t\t\t\t\t\t\t <img decoding=\"async\" src=\"\" alt=\"img\" class=\"img\">\n                        <\/div>\n                    <\/div>\n                  \t<div class=\"col-lg-5 col-md-12 col-sm-12\">                                                     \n                        <div class=\"section-title mt-100\">\n                                                          \n                        <\/div>\n                      \n                    <\/div>\n                    <div class=\"col-lg-2 col-md-12 col-sm-12\">    \n                        <div class=\"slider-btn mt-130\">                                          \n                            <a href=\"https:\/\/wa.link\/9982pi\" class=\"btn ss-btn\" data-animation=\"fadeInRight\" data-delay=\".8s\">Let's get in touch <i class=\"fas fa-chevron-right\"><\/i><\/a>\t\t\t\t\t\n                        <\/div>\n                    <\/div>\n                <\/div>\n            <\/div>\n        <\/div>\n        <!-- counter-area-end -->\n\t\t\t\t\t<\/div>\n\t\t\t\t<\/div>\n\t\t\t\t\t<\/div>\n\t\t\t\t<\/div>\n\t\t\t\t<\/div>","protected":false},"excerpt":{"rendered":"<p>Licenciada en Psicolog\u00eda, rama Cl\u00ednica, M\u00e1ster en Psicolog\u00eda de la Salud. Psic\u00f3loga Colegiada CV 10.898, acreditada por el Ministerio de Sanidad como Psic\u00f3loga General Sanitaria. Trabajo con adultos y adolescentes. Enfoque humanista e integrativo, prestando atenci\u00f3n al individuo como un todo (cuerpo- mente). Desde un marco te\u00f3rico Cognitivo Conductual, y EMDR, especializada en trauma, som\u00e1tica, [&hellip;]<\/p>","protected":false},"author":3,"featured_media":0,"parent":0,"menu_order":0,"comment_status":"closed","ping_status":"closed","template":"elementor_header_footer","meta":{"_joinchat":[],"footnotes":""},"class_list":["post-67","page","type-page","status-publish","hentry"],"yoast_head":"<!-- This site is optimized with the Yoast SEO plugin v27.4 - https:\/\/yoast.com\/product\/yoast-seo-wordpress\/ -->\n<title>Sobre mi - Sarahbel Psychology<\/title>\n<meta name=\"robots\" content=\"index, follow, max-snippet:-1, max-image-preview:large, max-video-preview:-1\" \/>\n<link rel=\"canonical\" href=\"https:\/\/psicologia-pellicer.es\/en\/sobre-mi\/\" \/>\n<meta property=\"og:locale\" content=\"en_GB\" \/>\n<meta property=\"og:type\" content=\"article\" \/>\n<meta property=\"og:title\" content=\"Sobre mi - Sarahbel Psychology\" \/>\n<meta property=\"og:description\" content=\"Licenciada en Psicolog\u00eda, rama Cl\u00ednica, M\u00e1ster en Psicolog\u00eda de la Salud. Psic\u00f3loga Colegiada CV 10.898, acreditada por el Ministerio de Sanidad como Psic\u00f3loga General Sanitaria. Trabajo con adultos y adolescentes. Enfoque humanista e integrativo, prestando atenci\u00f3n al individuo como un todo (cuerpo- mente). Desde un marco te\u00f3rico Cognitivo Conductual, y EMDR, especializada en trauma, som\u00e1tica, [&hellip;]\" \/>\n<meta property=\"og:url\" content=\"https:\/\/psicologia-pellicer.es\/en\/sobre-mi\/\" \/>\n<meta property=\"og:site_name\" content=\"Sarahbel Psychology\" \/>\n<meta property=\"article:modified_time\" content=\"2025-11-27T16:32:10+00:00\" \/>\n<meta property=\"og:image\" content=\"https:\/\/psicologia-pellicer.es\/wp-content\/uploads\/2025\/07\/Sobre-mi-scaled.jpg\" \/>\n<meta name=\"twitter:card\" content=\"summary_large_image\" \/>\n<meta name=\"twitter:label1\" content=\"Estimated reading time\" \/>\n\t<meta name=\"twitter:data1\" content=\"2 minutes\" \/>\n<script type=\"application\/ld+json\" class=\"yoast-schema-graph\">{\"@context\":\"https:\\\/\\\/schema.org\",\"@graph\":[{\"@type\":\"WebPage\",\"@id\":\"https:\\\/\\\/psicologia-pellicer.es\\\/sobre-mi\\\/\",\"url\":\"https:\\\/\\\/psicologia-pellicer.es\\\/sobre-mi\\\/\",\"name\":\"Sobre mi - Sarahbel Psychology\",\"isPartOf\":{\"@id\":\"https:\\\/\\\/psicologia-pellicer.es\\\/#website\"},\"primaryImageOfPage\":{\"@id\":\"https:\\\/\\\/psicologia-pellicer.es\\\/sobre-mi\\\/#primaryimage\"},\"image\":{\"@id\":\"https:\\\/\\\/psicologia-pellicer.es\\\/sobre-mi\\\/#primaryimage\"},\"thumbnailUrl\":\"https:\\\/\\\/psicologia-pellicer.es\\\/wp-content\\\/uploads\\\/2025\\\/07\\\/Sobre-mi-scaled.jpg\",\"datePublished\":\"2020-08-04T02:19:06+00:00\",\"dateModified\":\"2025-11-27T16:32:10+00:00\",\"breadcrumb\":{\"@id\":\"https:\\\/\\\/psicologia-pellicer.es\\\/sobre-mi\\\/#breadcrumb\"},\"inLanguage\":\"en-GB\",\"potentialAction\":[{\"@type\":\"ReadAction\",\"target\":[\"https:\\\/\\\/psicologia-pellicer.es\\\/sobre-mi\\\/\"]}]},{\"@type\":\"ImageObject\",\"inLanguage\":\"en-GB\",\"@id\":\"https:\\\/\\\/psicologia-pellicer.es\\\/sobre-mi\\\/#primaryimage\",\"url\":\"https:\\\/\\\/psicologia-pellicer.es\\\/wp-content\\\/uploads\\\/2025\\\/07\\\/Sobre-mi-scaled.jpg\",\"contentUrl\":\"https:\\\/\\\/psicologia-pellicer.es\\\/wp-content\\\/uploads\\\/2025\\\/07\\\/Sobre-mi-scaled.jpg\"},{\"@type\":\"BreadcrumbList\",\"@id\":\"https:\\\/\\\/psicologia-pellicer.es\\\/sobre-mi\\\/#breadcrumb\",\"itemListElement\":[{\"@type\":\"ListItem\",\"position\":1,\"name\":\"Portada\",\"item\":\"https:\\\/\\\/psicologia-pellicer.es\\\/\"},{\"@type\":\"ListItem\",\"position\":2,\"name\":\"Sobre mi\"}]},{\"@type\":\"WebSite\",\"@id\":\"https:\\\/\\\/psicologia-pellicer.es\\\/#website\",\"url\":\"https:\\\/\\\/psicologia-pellicer.es\\\/\",\"name\":\"Sarahbel Psychology\",\"description\":\"\",\"potentialAction\":[{\"@type\":\"SearchAction\",\"target\":{\"@type\":\"EntryPoint\",\"urlTemplate\":\"https:\\\/\\\/psicologia-pellicer.es\\\/?s={search_term_string}\"},\"query-input\":{\"@type\":\"PropertyValueSpecification\",\"valueRequired\":true,\"valueName\":\"search_term_string\"}}],\"inLanguage\":\"en-GB\"}]}<\/script>\n<!-- \/ Yoast SEO plugin. -->","yoast_head_json":{"title":"Sobre mi - Sarahbel Psychology","robots":{"index":"index","follow":"follow","max-snippet":"max-snippet:-1","max-image-preview":"max-image-preview:large","max-video-preview":"max-video-preview:-1"},"canonical":"https:\/\/psicologia-pellicer.es\/en\/sobre-mi\/","og_locale":"en_GB","og_type":"article","og_title":"Sobre mi - Sarahbel Psychology","og_description":"Licenciada en Psicolog\u00eda, rama Cl\u00ednica, M\u00e1ster en Psicolog\u00eda de la Salud. Psic\u00f3loga Colegiada CV 10.898, acreditada por el Ministerio de Sanidad como Psic\u00f3loga General Sanitaria. Trabajo con adultos y adolescentes. Enfoque humanista e integrativo, prestando atenci\u00f3n al individuo como un todo (cuerpo- mente). Desde un marco te\u00f3rico Cognitivo Conductual, y EMDR, especializada en trauma, som\u00e1tica, [&hellip;]","og_url":"https:\/\/psicologia-pellicer.es\/en\/sobre-mi\/","og_site_name":"Sarahbel Psychology","article_modified_time":"2025-11-27T16:32:10+00:00","og_image":[{"url":"https:\/\/psicologia-pellicer.es\/wp-content\/uploads\/2025\/07\/Sobre-mi-scaled.jpg","type":"","width":"","height":""}],"twitter_card":"summary_large_image","twitter_misc":{"Estimated reading time":"2 minutes"},"schema":{"@context":"https:\/\/schema.org","@graph":[{"@type":"WebPage","@id":"https:\/\/psicologia-pellicer.es\/sobre-mi\/","url":"https:\/\/psicologia-pellicer.es\/sobre-mi\/","name":"Sobre mi - Sarahbel Psychology","isPartOf":{"@id":"https:\/\/psicologia-pellicer.es\/#website"},"primaryImageOfPage":{"@id":"https:\/\/psicologia-pellicer.es\/sobre-mi\/#primaryimage"},"image":{"@id":"https:\/\/psicologia-pellicer.es\/sobre-mi\/#primaryimage"},"thumbnailUrl":"https:\/\/psicologia-pellicer.es\/wp-content\/uploads\/2025\/07\/Sobre-mi-scaled.jpg","datePublished":"2020-08-04T02:19:06+00:00","dateModified":"2025-11-27T16:32:10+00:00","breadcrumb":{"@id":"https:\/\/psicologia-pellicer.es\/sobre-mi\/#breadcrumb"},"inLanguage":"en-GB","potentialAction":[{"@type":"ReadAction","target":["https:\/\/psicologia-pellicer.es\/sobre-mi\/"]}]},{"@type":"ImageObject","inLanguage":"en-GB","@id":"https:\/\/psicologia-pellicer.es\/sobre-mi\/#primaryimage","url":"https:\/\/psicologia-pellicer.es\/wp-content\/uploads\/2025\/07\/Sobre-mi-scaled.jpg","contentUrl":"https:\/\/psicologia-pellicer.es\/wp-content\/uploads\/2025\/07\/Sobre-mi-scaled.jpg"},{"@type":"BreadcrumbList","@id":"https:\/\/psicologia-pellicer.es\/sobre-mi\/#breadcrumb","itemListElement":[{"@type":"ListItem","position":1,"name":"Portada","item":"https:\/\/psicologia-pellicer.es\/"},{"@type":"ListItem","position":2,"name":"Sobre mi"}]},{"@type":"WebSite","@id":"https:\/\/psicologia-pellicer.es\/#website","url":"https:\/\/psicologia-pellicer.es\/","name":"Sarahbel Psychology","description":"","potentialAction":[{"@type":"SearchAction","target":{"@type":"EntryPoint","urlTemplate":"https:\/\/psicologia-pellicer.es\/?s={search_term_string}"},"query-input":{"@type":"PropertyValueSpecification","valueRequired":true,"valueName":"search_term_string"}}],"inLanguage":"en-GB"}]}},"_links":{"self":[{"href":"https:\/\/psicologia-pellicer.es\/en\/wp-json\/wp\/v2\/pages\/67","targetHints":{"allow":["GET"]}}],"collection":[{"href":"https:\/\/psicologia-pellicer.es\/en\/wp-json\/wp\/v2\/pages"}],"about":[{"href":"https:\/\/psicologia-pellicer.es\/en\/wp-json\/wp\/v2\/types\/page"}],"author":[{"embeddable":true,"href":"https:\/\/psicologia-pellicer.es\/en\/wp-json\/wp\/v2\/users\/3"}],"replies":[{"embeddable":true,"href":"https:\/\/psicologia-pellicer.es\/en\/wp-json\/wp\/v2\/comments?post=67"}],"version-history":[{"count":110,"href":"https:\/\/psicologia-pellicer.es\/en\/wp-json\/wp\/v2\/pages\/67\/revisions"}],"predecessor-version":[{"id":1574,"href":"https:\/\/psicologia-pellicer.es\/en\/wp-json\/wp\/v2\/pages\/67\/revisions\/1574"}],"wp:attachment":[{"href":"https:\/\/psicologia-pellicer.es\/en\/wp-json\/wp\/v2\/media?parent=67"}],"curies":[{"name":"wp","href":"https:\/\/api.w.org\/{rel}","templated":true}]}}